{"id":226,"date":"2019-06-21T19:38:53","date_gmt":"2019-06-21T19:38:53","guid":{"rendered":"http:\/\/www.ucluce.org\/?page_id=226"},"modified":"2019-06-22T13:14:50","modified_gmt":"2019-06-22T13:14:50","slug":"dernegimiz","status":"publish","type":"page","link":"https:\/\/www.ucluce.org\/?page_id=226","title":{"rendered":"Derne\u011fimiz Hakk\u0131nda"},"content":{"rendered":"\n<p style=\"text-align:left\">Birlik ve beraberli\u011fe son derece \u00f6nem veren k\u00f6yl\u00fclerimiz, son y\u0131llarda \u0130stanbul\u2019a verdi\u011fi yo\u011fun g\u00f6\u00e7 nedeniyle bu beraberli\u011fi koruyarak b\u00fcy\u00fck\u015fehirde de devam ettirebilmek i\u00e7in, \u00e7a\u011f\u0131n ve teknolojik geli\u015fmelere uygun olarak 2004 y\u0131l\u0131nda \u00dc\u00e7l\u00fcce K\u00f6y\u00fc Derne\u011fi\u2019ni kurmu\u015ftur.  Kuruldu\u011fu g\u00fcnden bug\u00fcne y\u00fckselerek h\u0131zla amac\u0131na uygun faaliyetleri birer birer ger\u00e7ekle\u015ftirmi\u015f, olu\u015fturdu\u011fu g\u00fc\u00e7l\u00fc kurumsal yap\u0131s\u0131 ve etkin ileti\u015fim a\u011f\u0131 ve \u00e7al\u0131\u015fmalar\u0131yla hem\u015ferilerimizin ihtiya\u00e7lar\u0131na ve beklentilerine an\u0131nda cevap verebilir seviyeye ula\u015fm\u0131\u015ft\u0131r.  <\/p>\n\n\n\n<p><strong>Derne\u011fin\nAmac\u0131<\/strong><\/p>\n\n\n\n<ol><li>Dernek \u00fcyeleri aras\u0131nda birlik ve beraberli\u011fi tesis etmek,<\/li><li>\u00dc\u00e7l\u00fcce K\u00f6y\u00fc\u2019n\u00fcn ihtiyac\u0131 olan k\u00f6y evi, bayram yeri vb. binalar\u0131\nin\u015fa etmek, onarmak, her t\u00fcrl\u00fc ihtiya\u00e7lar\u0131n\u0131n kar\u015f\u0131lanmas\u0131na yard\u0131mc\u0131 olmak,<\/li><li>\u00dc\u00e7l\u00fcce K\u00f6y\u00fc\u2019n\u00fcn adet, \u00f6rf ve geleneklerinin ya\u015fat\u0131lmas\u0131n\u0131 ve\ngelecek nesillere aktar\u0131lmas\u0131n\u0131 sa\u011flamak,<\/li><li>\u00dc\u00e7l\u00fcce K\u00f6y\u00fc\u2019nde geleneksel olarak dini bayramlarda d\u00fczenlenen\nbayram merasimlerinin yap\u0131lmas\u0131na yard\u0131mc\u0131 olmak,<\/li><li>Dernek \u00fcyelerine ve birinci derece yak\u0131nlar\u0131na burs ve e\u011fitim\nyard\u0131m\u0131 yapmak,<\/li><li>Dernek \u00fcyelerinden ihtiya\u00e7 sahibi olanlara sa\u011fl\u0131k, yiyecek,\ngiyecek, yakacak vb. acil zaruri ihtiya\u00e7 maddelerini kar\u015f\u0131lamak, ayni ve nakdi\nyard\u0131mda bulunmak,<\/li><li>\u00dcyeler aras\u0131nda ileti\u015fimi sa\u011flamak, sosyal k\u00fclt\u00fcrel faaliyetlerin\nbilgisini zaman\u0131ndan \u00f6nce \u00fcyelere ula\u015ft\u0131rmak kat\u0131lmalar\u0131n\u0131 te\u015fvik etmek amac\u0131\nile kurulmu\u015ftur.<\/li><\/ol>\n","protected":false},"excerpt":{"rendered":"<p>Birlik ve beraberli\u011fe son derece \u00f6nem veren k\u00f6yl\u00fclerimiz, son y\u0131llarda&#8230;<\/p>\n","protected":false},"author":1,"featured_media":0,"parent":0,"menu_order":0,"comment_status":"closed","ping_status":"closed","template":"","meta":[],"_links":{"self":[{"href":"https:\/\/www.ucluce.org\/index.php?rest_route=\/wp\/v2\/pages\/226"}],"collection":[{"href":"https:\/\/www.ucluce.org\/index.php?rest_route=\/wp\/v2\/pages"}],"about":[{"href":"https:\/\/www.ucluce.org\/index.php?rest_route=\/wp\/v2\/types\/page"}],"author":[{"embeddable":true,"href":"https:\/\/www.ucluce.org\/index.php?rest_route=\/wp\/v2\/users\/1"}],"replies":[{"embeddable":true,"href":"https:\/\/www.ucluce.org\/index.php?rest_route=%2Fwp%2Fv2%2Fcomments&post=226"}],"version-history":[{"count":5,"href":"https:\/\/www.ucluce.org\/index.php?rest_route=\/wp\/v2\/pages\/226\/revisions"}],"predecessor-version":[{"id":348,"href":"https:\/\/www.ucluce.org\/index.php?rest_route=\/wp\/v2\/pages\/226\/revisions\/348"}],"wp:attachment":[{"href":"https:\/\/www.ucluce.org\/index.php?rest_route=%2Fwp%2Fv2%2Fmedia&parent=226"}],"curies":[{"name":"wp","href":"https:\/\/api.w.org\/{rel}","templated":true}]}}