{"id":228,"date":"2019-06-22T09:18:46","date_gmt":"2019-06-22T09:18:46","guid":{"rendered":"http:\/\/www.ucluce.org\/?page_id=228"},"modified":"2019-06-22T12:45:02","modified_gmt":"2019-06-22T12:45:02","slug":"koyumuz","status":"publish","type":"page","link":"https:\/\/www.ucluce.org\/?page_id=228","title":{"rendered":"K\u00f6y\u00fcm\u00fcz Hakk\u0131nda"},"content":{"rendered":"\n<p>Karadeniz sahil \u015feridine 15 km., il\u00e7e merkezine ise 27 km. mesafede olan k\u00f6y\u00fcm\u00fcz,\neski Gedefi ad\u0131n\u0131n de\u011fi\u015fmesi esnas\u0131nda k\u00f6y\u00fcn \u00fc\u00e7 mahalleden olu\u015fmas\u0131 nedeniyle\n\u00dc\u00e7l\u00fcce olarak isimlendirilmi\u015ftir. 1950\u2019li y\u0131llarda ba\u015flayan g\u00f6\u00e7, 1980 sonras\u0131\nh\u0131zlanm\u0131\u015f, 90\u2019l\u0131 y\u0131llar\u0131n ikinci yar\u0131s\u0131ndan itibaren k\u00f6y n\u00fcfusu yo\u011funlu\u011funu\nkaybetmi\u015ftir. \n\nK\u00f6y\u00fcm\u00fcz yazlar\u0131 serin ge\u00e7erken k\u0131\u015flar\u0131 da \u0131l\u0131k\nge\u00e7mektedir. \u00d6zellikle ilkbahar, yaz ve sonbahar mevsimleri son derece nezih\nbir ortam olu\u015ftursa da k\u0131\u015f \u015fartlar\u0131 \u00f6zellikle ula\u015f\u0131m y\u00f6n\u00fcnden s\u0131k\u0131nt\u0131l\u0131d\u0131r. Bu nedenle\nk\u0131\u015f\u0131n k\u00f6y n\u00fcfusu olduk\u00e7a azalmaktad\u0131r. \n\n\n\n<\/p>\n","protected":false},"excerpt":{"rendered":"<p>Karadeniz sahil \u015feridine 15 km., il\u00e7e merkezine ise 27 km&#8230;.<\/p>\n","protected":false},"author":1,"featured_media":0,"parent":0,"menu_order":0,"comment_status":"closed","ping_status":"closed","template":"","meta":[],"_links":{"self":[{"href":"https:\/\/www.ucluce.org\/index.php?rest_route=\/wp\/v2\/pages\/228"}],"collection":[{"href":"https:\/\/www.ucluce.org\/index.php?rest_route=\/wp\/v2\/pages"}],"about":[{"href":"https:\/\/www.ucluce.org\/index.php?rest_route=\/wp\/v2\/types\/page"}],"author":[{"embeddable":true,"href":"https:\/\/www.ucluce.org\/index.php?rest_route=\/wp\/v2\/users\/1"}],"replies":[{"embeddable":true,"href":"https:\/\/www.ucluce.org\/index.php?rest_route=%2Fwp%2Fv2%2Fcomments&post=228"}],"version-history":[{"count":4,"href":"https:\/\/www.ucluce.org\/index.php?rest_route=\/wp\/v2\/pages\/228\/revisions"}],"predecessor-version":[{"id":347,"href":"https:\/\/www.ucluce.org\/index.php?rest_route=\/wp\/v2\/pages\/228\/revisions\/347"}],"wp:attachment":[{"href":"https:\/\/www.ucluce.org\/index.php?rest_route=%2Fwp%2Fv2%2Fmedia&parent=228"}],"curies":[{"name":"wp","href":"https:\/\/api.w.org\/{rel}","templated":true}]}}