{"id":235,"date":"2019-06-22T09:46:43","date_gmt":"2019-06-22T09:46:43","guid":{"rendered":"http:\/\/www.ucluce.org\/?page_id=235"},"modified":"2021-03-14T16:44:17","modified_gmt":"2021-03-14T16:44:17","slug":"geleneklerimiz","status":"publish","type":"page","link":"https:\/\/www.ucluce.org\/?page_id=235","title":{"rendered":"Geleneklerimiz"},"content":{"rendered":"\n<p>K\u00f6y\u00fcm\u00fcz camisinde her namaz \u00e7\u0131k\u0131\u015f\u0131nda &#8220;Merhaba C\u00fcmleden&#8221; merasimi icra edilmektedir. Namaz\u0131n ard\u0131ndan camiden \u00e7\u0131kan cemaat selam vererek s\u0131raya girer ve sessizce camiden \u00e7\u0131kanlar\u0131n selam\u0131n\u0131 al\u0131r. En son hocaefendi selam verdikten sonra &#8220;Merhaba C\u00fcmleden&#8221; der. Ard\u0131ndan s\u0131rayla b\u00fct\u00fcn cemaat tekrarlar. Son cemaat dedikten sonra serbest sohbet ve hal hat\u0131r sormaya ge\u00e7ilir.<\/p>\n\n\n\n<p>Din\u00ee bayramlarda kom\u015fu k\u00f6ylerle birlikte k\u00f6kl\u00fc bayramla\u015fma gelene\u011fi vard\u0131r. \u015e\u00f6yle: 1. g\u00fcn Yuvac\u0131k ve \u00c7ubuk, 2. g\u00fcn \u00dc\u00e7l\u00fcce, 3. g\u00fcn\u00fc Hayrio\u011flu K\u00f6y\u00fc\u2019nde bu merasimler ger\u00e7ekle\u015ftirilmektedir. \u00d6rne\u011fin 1. g\u00fcn\u00fc Hayrio\u011flu ve \u00dc\u00e7l\u00fcce k\u00f6y\u00fc halk\u0131 Yuvac\u0131k k\u00f6y\u00fcne gitmekte, k\u00f6yl\u00fcn\u00fcn b\u00fcy\u00fckleri evlerinde ziyaret edilmekte, gidilen her evde yemekler yenip \u00e7aylar i\u00e7ilmektedir. Ayr\u0131ca ikindi vakti gibi k\u00f6y meydan\u0131nda yap\u0131lan geleneksel pilav, \u00e2detlere g\u00f6re her sofrada bir tepsi pilav ve genellikle \u00fcz\u00fcm kompostosu e\u015fli\u011finde herkesin tek tepsiden yiyebilece\u011fi \u015fekilde b\u00fct\u00fcn misafirlere ikram edilmektedir. Ancak bu uygulama 2009 y\u0131l\u0131ndan itibaren k\u00f6y meydan\u0131nda ikram edilen yemekleri herkesin ayr\u0131 tabaklarda yemesi \u015fekline d\u00f6n\u00fc\u015fm\u00fc\u015ft\u00fcr.  <\/p>\n","protected":false},"excerpt":{"rendered":"<p>K\u00f6y\u00fcm\u00fcz camisinde her namaz \u00e7\u0131k\u0131\u015f\u0131nda &#8220;Merhaba C\u00fcmleden&#8221; merasimi icra edilmektedir&#8230;.<\/p>\n","protected":false},"author":1,"featured_media":0,"parent":0,"menu_order":0,"comment_status":"closed","ping_status":"closed","template":"","meta":[],"_links":{"self":[{"href":"https:\/\/www.ucluce.org\/index.php?rest_route=\/wp\/v2\/pages\/235"}],"collection":[{"href":"https:\/\/www.ucluce.org\/index.php?rest_route=\/wp\/v2\/pages"}],"about":[{"href":"https:\/\/www.ucluce.org\/index.php?rest_route=\/wp\/v2\/types\/page"}],"author":[{"embeddable":true,"href":"https:\/\/www.ucluce.org\/index.php?rest_route=\/wp\/v2\/users\/1"}],"replies":[{"embeddable":true,"href":"https:\/\/www.ucluce.org\/index.php?rest_route=%2Fwp%2Fv2%2Fcomments&post=235"}],"version-history":[{"count":5,"href":"https:\/\/www.ucluce.org\/index.php?rest_route=\/wp\/v2\/pages\/235\/revisions"}],"predecessor-version":[{"id":932,"href":"https:\/\/www.ucluce.org\/index.php?rest_route=\/wp\/v2\/pages\/235\/revisions\/932"}],"wp:attachment":[{"href":"https:\/\/www.ucluce.org\/index.php?rest_route=%2Fwp%2Fv2%2Fmedia&parent=235"}],"curies":[{"name":"wp","href":"https:\/\/api.w.org\/{rel}","templated":true}]}}