{"id":575,"date":"2020-03-19T09:37:12","date_gmt":"2020-03-19T09:37:12","guid":{"rendered":"http:\/\/www.ucluce.org\/?page_id=575"},"modified":"2020-07-18T11:18:25","modified_gmt":"2020-07-18T11:18:25","slug":"kadin-kollari","status":"publish","type":"page","link":"https:\/\/www.ucluce.org\/?page_id=575","title":{"rendered":"Kad\u0131n Kollar\u0131"},"content":{"rendered":"\n<p>Sevgili Han\u0131mlar;<\/p>\n\n\n\n<p>Derne\u011fimiz KADIN KOLLARI kurulmu\u015ftur. K\u00f6y\u00fcm\u00fcz ve k\u00f6yl\u00fclerimiz i\u00e7in\nhay\u0131rl\u0131 olsun. G\u00fcn\u00fcm\u00fcz \u015fartlar\u0131nda \u00f6rf, adet ve geleneklerimizi gelecek\nnesillere aktarmak, birlik ve beraberli\u011fimizi peki\u015ftirmek i\u00e7in dernekle\u015fmek\nzorunlu hale geldi\u011fini hep birlikte g\u00f6r\u00fcyoruz.<\/p>\n\n\n\n<p>Kad\u0131n Kollar\u0131&#8217;na \u00fcye olan han\u0131mlar\u0131n kat\u0131l\u0131m\u0131yla olu\u015fturulan WATSAPP grubuna sadece han\u0131mlar al\u0131nmaktad\u0131r ve ileti\u015fimleri bu grup \u00fczerinden sa\u011flanacakt\u0131r Etkinlikler ve toplant\u0131lar tamam\u0131yla han\u0131mlar aras\u0131nda olacakt\u0131r. B\u00fct\u00fcn \u00fcyelerin kat\u0131ld\u0131\u011f\u0131 toplant\u0131larda ise kad\u0131n erkek ayr\u0131 salonlarda yap\u0131lacak, kad\u0131n erkek kar\u0131\u015f\u0131k toplant\u0131 yap\u0131lmayacakt\u0131r. Etkinliklerimiz facebook ve benzeri sosyal-sanal ortamlarda payla\u015f\u0131lmayacakt\u0131r. <\/p>\n\n\n\n<p>Derne\u011fimize yapaca\u011f\u0131n\u0131z \u00fcyelik ba\u015fvurusunda verece\u011finiz ki\u015fisel\nbilgiler kesinlikle bir ba\u015fkas\u0131na verilmeyecek, derne\u011fin muhasibi d\u0131\u015f\u0131nda kimse\ntaraf\u0131ndan g\u00f6r\u00fclmeyecektir. Derne\u011fimize a\u015fa\u011f\u0131daki linki t\u0131klayarak \u00fcye\nolabilirsiniz. \u00dcye oldu\u011funuz takdirde y\u0131ll\u0131k 50-TL \u00fcyelik aidat\u0131 bulunmaktad\u0131r.\nSa\u011fl\u0131kl\u0131 huzurlu g\u00fcnler dileriz.<\/p>\n\n\n\n<p>Cemile \u00d6zbek<\/p>\n\n\n\n<p>Kad\u0131n Kollar\u0131 Ba\u015fkan\u0131<\/p>\n\n\n\n<p>0 531 720 89 60<\/p>\n\n\n\n<p><\/p>\n\n\n\n<p>M\u00fczeyyen\nAksu <\/p>\n\n\n\n<p>Kad\u0131n\nKollar\u0131 Ba\u015fkan Yard.<\/p>\n\n\n\n<p>0 531 688 46\n79<\/p>\n","protected":false},"excerpt":{"rendered":"<p>Sevgili Han\u0131mlar; Derne\u011fimiz KADIN KOLLARI kurulmu\u015ftur. K\u00f6y\u00fcm\u00fcz ve k\u00f6yl\u00fclerimiz i\u00e7in&#8230;<\/p>\n","protected":false},"author":1,"featured_media":0,"parent":0,"menu_order":0,"comment_status":"closed","ping_status":"closed","template":"","meta":[],"_links":{"self":[{"href":"https:\/\/www.ucluce.org\/index.php?rest_route=\/wp\/v2\/pages\/575"}],"collection":[{"href":"https:\/\/www.ucluce.org\/index.php?rest_route=\/wp\/v2\/pages"}],"about":[{"href":"https:\/\/www.ucluce.org\/index.php?rest_route=\/wp\/v2\/types\/page"}],"author":[{"embeddable":true,"href":"https:\/\/www.ucluce.org\/index.php?rest_route=\/wp\/v2\/users\/1"}],"replies":[{"embeddable":true,"href":"https:\/\/www.ucluce.org\/index.php?rest_route=%2Fwp%2Fv2%2Fcomments&post=575"}],"version-history":[{"count":4,"href":"https:\/\/www.ucluce.org\/index.php?rest_route=\/wp\/v2\/pages\/575\/revisions"}],"predecessor-version":[{"id":629,"href":"https:\/\/www.ucluce.org\/index.php?rest_route=\/wp\/v2\/pages\/575\/revisions\/629"}],"wp:attachment":[{"href":"https:\/\/www.ucluce.org\/index.php?rest_route=%2Fwp%2Fv2%2Fmedia&parent=575"}],"curies":[{"name":"wp","href":"https:\/\/api.w.org\/{rel}","templated":true}]}}